{"id":447,"date":"2023-02-23T11:10:05","date_gmt":"2023-02-23T10:10:05","guid":{"rendered":"http:\/\/sweet3.home.pl\/autoinstalator\/nowa\/?page_id=447"},"modified":"2026-04-27T22:27:38","modified_gmt":"2026-04-27T20:27:38","slug":"agnieszka-podlucka-andrzej-karalow","status":"publish","type":"page","link":"https:\/\/andrzejkaralow.pl\/index.php\/agnieszka-podlucka-andrzej-karalow\/","title":{"rendered":"Agnieszka Pod\u0142ucka \/ Andrzej Kara\u0142ow"},"content":{"rendered":"<p>[vc_row css=&#8221;.vc_custom_1677147095922{background-image: url(http:\/\/sweet3.home.pl\/autoinstalator\/nowa\/wp-content\/uploads\/2023\/02\/Agnieszka-i-Andrzej08_small.jpg?id=428) !important;background-position: center !important;background-repeat: no-repeat !important;background-size: cover !important;}&#8221;][vc_column][vc_empty_space height=&#8221;232px&#8221;][vc_custom_heading text=&#8221;Agnieszka Pod\u0142ucka \/ Andrzej Kara\u0142ow&#8221; font_container=&#8221;tag:h2|font_size:55|text_align:center&#8221; google_fonts=&#8221;font_family:Montserrat%3Aregular%2C700|font_style:400%20regular%3A400%3Anormal&#8221;][vc_empty_space height=&#8221;232px&#8221;][vc_column_text]<\/p>\n<h6 style=\"text-align: right;\">fot. Zuza G\u0105siorowska \/ Kuba Zawadzki<\/h6>\n<p>[\/vc_column_text][\/vc_column][\/vc_row][vc_row][vc_column][vc_row_inner css=&#8221;.vc_custom_1763852464910{padding-right: 5% !important;padding-left: 5% !important;}&#8221;][vc_column_inner width=&#8221;1\/4&#8243;][vc_single_image image=&#8221;1559&#8243; img_size=&#8221;full&#8221;][\/vc_column_inner][vc_column_inner width=&#8221;3\/4&#8243;][vc_column_text]<\/p>\n<p style=\"text-align: justify;\" data-start=\"39\" data-end=\"727\">The album features three sonatas for viola and piano by Andrzej Czajkowski, Pawe\u0142 Szyma\u0144ski, and Andrzej Kara\u0142ow. They were recorded by the virtuoso duo of Agnieszka Pod\u0142ucka (viola) and Andrzej Kara\u0142ow (piano), whose collaboration is founded not only on shared music-making but also on artistic reflection, which has resulted in a new, dedicated composition. The works presented here\u2014woven together by a remarkably engaging performance history\u2014display a wide range of characters. One can therefore hear classical form alongside freedom from notational rigor, a dialogue with the past and the search for new inspirations, as well as vivid, painterly soundscapes shaped by the instruments.<\/p>\n<p style=\"text-align: justify;\" data-start=\"729\" data-end=\"1242\">\u201cClosure, and at the same time a beginning: this is Agnieszka Pod\u0142ucka\u2019s phonographic debut, heralding further stories and\u2014perhaps\u2014future journeys through the realm of contemporary sonatas. On her album, three important works, connected by threads of form, inspiration, and history, solidify into a sonic photograph. Phonography, in turn, gains a recording that\u2014regardless of the concert life of the three sonatas\u2014will, I have no doubt, inspire future music lovers, performers, and composers.\u201d (Mariusz Gradowski)<\/p>\n<p style=\"text-align: justify;\" data-start=\"1244\" data-end=\"1360\">The recordings were made in 2023 and 2024 in Warsaw, in the concert hall of the Fryderyk Chopin University of Music.<\/p>\n<p>[\/vc_column_text][vc_custom_heading text=&#8221;Listen to our album \u2013 link to streamings&#8221; font_container=&#8221;tag:h2|text_align:center&#8221; link=&#8221;url:https%3A%2F%2Fid.ffm.to%2Fchopin_university_press_cascadas|title:Link%20to%20streamings&#8221;][vc_raw_html]JTNDaWZyYW1lJTIwYWxsb3clM0QlMjJhdXRvcGxheSUyMCUyQSUzQiUyMGVuY3J5cHRlZC1tZWRpYSUyMCUyQSUzQiUyMiUyMGZyYW1lYm9yZGVyJTNEJTIyMCUyMiUyMGhlaWdodCUzRCUyMjQ1MCUyMiUyMHN0eWxlJTNEJTIyd2lkdGglM0ExMDAlMjUlM0JtYXgtd2lkdGglM0E2NjBweCUzQm92ZXJmbG93JTNBaGlkZGVuJTNCYmFja2dyb3VuZCUzQXRyYW5zcGFyZW50JTNCJTIyJTIwc2FuZGJveCUzRCUyMmFsbG93LWZvcm1zJTIwYWxsb3ctcG9wdXBzJTIwYWxsb3ctc2FtZS1vcmlnaW4lMjBhbGxvdy1zY3JpcHRzJTIwYWxsb3ctc3RvcmFnZS1hY2Nlc3MtYnktdXNlci1hY3RpdmF0aW9uJTIwYWxsb3ctdG9wLW5hdmlnYXRpb24tYnktdXNlci1hY3RpdmF0aW9uJTIyJTIwc3JjJTNEJTIyaHR0cHMlM0ElMkYlMkZlbWJlZC5tdXNpYy5hcHBsZS5jb20lMkZwbCUyRmFsYnVtJTJGY2FzY2FkYXMlMkYxODU0NzUyODE1JTNGbCUzRHBsJTIyJTNFJTNDJTJGaWZyYW1lJTNF[\/vc_raw_html][\/vc_column_inner][\/vc_row_inner][\/vc_column][\/vc_row][vc_row css=&#8221;.vc_custom_1677590030965{padding-right: 5% !important;padding-left: 5% !important;}&#8221;][vc_column][vc_custom_heading text=&#8221;OUR REPERTOIRE&#8221; font_container=&#8221;tag:h2|text_align:center&#8221;][vc_column_text]<\/p>\n<p style=\"text-align: center;\">Robert Schumann \u2013 M\u00e4rchenbilder op. 113<\/p>\n<p style=\"text-align: center;\">Dmitri Shostakovich \u2013 Sonata for viola and piano op. 147<\/p>\n<p style=\"text-align: center;\">Haflidi Hallgrimsson \u2013 Notes from a Diary (2005) for viola and piano<\/p>\n<p style=\"text-align: center;\">Andrzej Czajkowski \u2013 Sonata (1954-55) for viola and piano<\/p>\n<p style=\"text-align: center;\">Pawe\u0142 Szyma\u0144ski \u2013 Sonata (2015) for viola and piano<\/p>\n<p style=\"text-align: center;\">Jan Astriab \u2013 Sonata\u00a0for viola and piano<\/p>\n<p style=\"text-align: center;\">Tadeusz Paciorkiewicz \u2013 Sonata for viola and piano<\/p>\n<p style=\"text-align: center;\">Andrzej Kara\u0142ow \u2013 Sonata (2021) for viola and piano<\/p>\n<p style=\"text-align: center;\">Aleksander Ko\u015bci\u00f3w \u2013 Noumen III (2022) for viola and piano (dedicated to duo)<\/p>\n<p style=\"text-align: center;\">Benjamin Britten \u2013 Lachrymae for viola and piano<\/p>\n<p style=\"text-align: center;\">Valentin Silvestrov \u2013 Epitaph (version for viola and piano)<\/p>\n<p>[\/vc_column_text][\/vc_column][\/vc_row][vc_row parallax=&#8221;content-moving&#8221; css=&#8221;.vc_custom_1677188820898{background-image: url(http:\/\/sweet3.home.pl\/autoinstalator\/nowa\/wp-content\/uploads\/2023\/02\/Zrzut-ekranu-2023-02-23-o-22.46.01.png?id=481) !important;background-position: center;background-repeat: no-repeat;background-size:cover;}&#8221;][vc_column][vc_empty_space height=&#8221;532px&#8221;][vc_column_text css=&#8221;.vc_custom_1678455865799{margin-right: 131px !important;}&#8221;]<\/p>\n<p style=\"text-align: right;\">fot. Magda Pawluczuk \/ Festiwal Trzy-Czte-Ry<\/p>\n<p>[\/vc_column_text][\/vc_column][\/vc_row][vc_row][vc_column][vc_text_separator title=&#8221;WHO ARE WE&#8221;][\/vc_column][\/vc_row][vc_row css=&#8221;.vc_custom_1677590043133{padding-right: 5% !important;padding-left: 5% !important;background-color: #000000 !important;}&#8221;][vc_column width=&#8221;1\/4&#8243;][vc_single_image image=&#8221;453&#8243; img_size=&#8221;full&#8221; onclick=&#8221;link_image&#8221;][vc_column_text]<\/p>\n<h6 style=\"text-align: center;\">fot. Karolina Wybraniec<\/h6>\n<p>[\/vc_column_text][\/vc_column][vc_column width=&#8221;3\/4&#8243;][vc_column_text]<\/p>\n<p style=\"text-align: justify;\">Agnieszka Pod\u0142ucka \u2013 violinist and violist. She is a graduate from the Fryderyk Chopin University of Music\u00a0in Warsaw (diploma with distinction) where she studied in Jan Stanienda violin class and in professor Piotr Reichert viola class. Currently she is an assistant\u00a0in the viola and chamber music class at her maternal University. She has the position in National Radio Symphony\u00a0Orchestra in Katowice as Principal violist.\u00a0Since 2020 Agnieszka studies the baroque violin with dr Martyna Pastuszka at Academy of Music in Katowice.<\/p>\n<p style=\"text-align: justify;\">Agnieszka has been already awared at many national and international violin, viola\u00a0 and chamber music competitions:\u00a0<em>Primuz International Strings Competition\u00a0<\/em>(2021, 1st prize), <em>67. ARD International Music Competition in Munich\u00a0\u00a0<\/em>(2018, second round),\u00a0<em>Micha\u0142 Spisak XI International Music Competition\u00a0<\/em>(2017, 1st prize),\u00a0\u00a0<em>I Intercollegiate Viola Competition\u00a0<\/em>(2017, 1st prize),\u00a0<em>II Baltic Competition for String Duos\u00a0\u00a0<\/em>(2016, 1st prize),\u00a0<em>II Chamber Music Competition\u00a0<\/em>in students category (2015, 1st prize)<em>,\u00a0 XX International Johannes Brahms Competition\u00a0<\/em>(2012, semifinal);\u00a0<em>IV Tadeusz Wronski\u00a0 Young Solo Violin Competition\u00a0<\/em>(2012, distinction).<\/p>\n<p style=\"text-align: justify;\">She has attended master classes and festivals (violin, viola, chamber music, orchestra)\u00a0 such as\u00a0<em>International Summer Academy\u00a0<\/em>of the University of Music and Performing Arts\u00a0 Vienna;\u00a0<em>Musethica\u00a0<\/em>International Chamber Music Festival in Spain, Sweden and Germany;\u00a0 International Chamber Music Festival\u00a0<em>Ensemble\u00a0<\/em>in Wa\u0142brzych; International Chamber Music\u00a0 Festival\u00a0<em>Quarto Mondi\u00a0<\/em>in Pozna\u0144;\u00a0<em>Singer&#8217;s\u00a0<\/em>Warsaw Festival;\u00a0<em>Summer Academy of Music\u00a0<\/em>with\u00a0 Scharoun Ensemble from Berliner Philharmoniker;\u00a0<em>iPalpiti\u00a0<\/em>Festival in United States.<\/p>\n<p style=\"text-align: justify;\">She has worked with Tabea Zimmerman, Jerzy Kosamala, Stefan Kamasa,\u00a0 Wolfgang Boettcher, Peter Riegelbauer, Micha Afkham, Wolfram Brandl, Christoph Horak,\u00a0 Jose Gallardo, Avri Levitan, Agata Szymczewska, Marcin Zdunik, Krzysztof Jakowicz,\u00a0 Jakub Jakowicz, Marcin Baranowski, Krzysztof Chorzelski, Danuta G\u0142owacka-Pitet.<\/p>\n<p style=\"text-align: justify;\">Agnieszka Pod\u0142ucka has performed extensively as a soloist, chamber and orchestral musician\u00a0 in her native Poland in such halls as the National Philharmonic Hall, Royal Castle in Warsaw,\u00a0 \u0141a\u0144cut Castle, National Forum of Music in Breslau, Polish National Radio Symphony\u00a0 Orchestra in Katowice, Ksi\u0105\u017c Castle in Wa\u0142brzych, as well as in different parts of Europe,\u00a0 Germany, Holland, Spain, Japan, South Korea, United States. She was a member of Sinfonia\u00a0 Varsovia Academy as a violist. She took part in orchestra tours with\u00a0<em>European Union Youth\u00a0 Orchestra\u00a0<\/em>and\u00a0<em>Baltic Sea Philharmonic.\u00a0\u00a0<\/em><\/p>\n<p style=\"text-align: justify;\">She was awarded the Polish Minister of Culture and National Heritage scholarship.<\/p>\n<p>[\/vc_column_text][\/vc_column][\/vc_row][vc_row css=&#8221;.vc_custom_1677590049285{padding-right: 5% !important;padding-left: 5% !important;}&#8221;][vc_column width=&#8221;1\/4&#8243;][vc_single_image image=&#8221;454&#8243; img_size=&#8221;full&#8221; onclick=&#8221;link_image&#8221;][vc_column_text]<\/p>\n<h6 style=\"text-align: center;\">fot. Zuza G\u0105siorowska \/ Kuba Zawadzki<\/h6>\n<p>[\/vc_column_text][\/vc_column][vc_column width=&#8221;3\/4&#8243;][vc_column_text]<\/p>\n<p style=\"text-align: justify;\"><strong>ANDRZEJ KARA\u0141OW\u00a0<\/strong>is a Polish pianist, composer and improviser based in Warsaw. He is a graduate of the Fryderyk Chopin University of Music in Warsaw in the composition class of Prof. Stanis\u0142aw Moryto and the piano class of Prof. Bronis\u0142awa Kawalla. Doctor of musical arts. Since 2016 he is an assistant professor at the Fryderyk Chopin University of Music in Warsaw. He trained hi interpretive skills on piano masterclasses, among others, in Oxford, Montreal, Valencia, Bergen, Imola, Leipzig, Nice, Duszniki Zdr\u00f3j, under the tutelage of professors such as Beat Furrer, Toshio Hosokawa, Chaya Czernowin, Zygmunt Krauze, Stefano Gervasoni, Mikhail Vosskresensky, Boris Petrushansky, Arie Vardi, Gary Graffman and others.<\/p>\n<p style=\"text-align: justify;\">He is a laureate of many Polish and international piano (i.a. in Paris, Athens, and Warsaw) and composition (Katowice, Warszawa, Pozna\u0144, Miskolc) competitions.<\/p>\n<p style=\"text-align: justify;\">In 2020 he released his metaopera\/mystery\u00a0<em>De invitatione mortis\u00a0<\/em>(Chopin University Press) which was nominated to the Fryderyk 2021 Award in Oratorio and Opera cathegory. Earlier he released two free-improvised albums: in 2020\u00a0<em>Pedestal\u2019s Complement\u00a0<\/em>(Bocian Records, live concert) and,\u00a0in 2018,\u00a0<em>Wir\u00a0<\/em>(<em>Requiem Records<\/em>) in electroacoustic duo collaboration with Jerzy Prze\u017adziecki. In 2019, along with saxophonist Pablo S\u00e1nchez Escariche Gasch, he released a CD album\u00a0<em>After All\u00a0<\/em>(Requiem Records) with music by Szymanowski, Hindemith, Albright, Rydzewska, and by himself. He also released his monographic album\u00a0<em>Through\u00a0<\/em>with chamber works released<em>\u00a0<\/em>by renowned label DUX.\u00a0Recordings of his works and performances were released on over a dozen albums by Ablaze Records, DUX Records, Requiem Records, Chronicles of Warsaw Autumn \u2013 Festival of Contemporary Music and others.<\/p>\n<p style=\"text-align: justify;\">His works are performed in country and abroad during concerts and festivals in the USA, Australia, Canada, Australia, the United Kingdom, Spain, Germany, France, Russia, Italy, Estonia and Hungary. For 2018\/19 season he was selected to work with London Philharmonic Orchestra during LPO Young Composers mentoring program, which resulted in premiere performance of his orchestral work <em>Veins<\/em>\u00a0in Southbank Centre in London under direction of Sir James MacMillan.<\/p>\n<p style=\"text-align: justify;\">He is a laureate of several scholarships, including prestigious Young Poland Scholarship, Pro Polonia Society Scholarship (twice), Ministry of Science and Higher Education Scholarship, as well as some university scholarships. In 2014 he received Prize of of Culture and National Heritage.<\/p>\n<p>[\/vc_column_text][\/vc_column][\/vc_row][vc_row css=&#8221;.vc_custom_1677590062993{padding-right: 5% !important;padding-left: 5% !important;}&#8221;][vc_column][vc_raw_html]JTNDaWZyYW1lJTIwd2lkdGglM0QlMjIxMDAlMjUlMjIlMjBoZWlnaHQlM0QlMjIxNjYlMjIlMjBzY3JvbGxpbmclM0QlMjJubyUyMiUyMGZyYW1lYm9yZGVyJTNEJTIybm8lMjIlMjBhbGxvdyUzRCUyMmF1dG9wbGF5JTIyJTIwc3JjJTNEJTIyaHR0cHMlM0ElMkYlMkZ3LnNvdW5kY2xvdWQuY29tJTJGcGxheWVyJTJGJTNGdXJsJTNEaHR0cHMlMjUzQSUyRiUyRmFwaS5zb3VuZGNsb3VkLmNvbSUyRnRyYWNrcyUyRjEyMjE2NzQ3MjIlMjZjb2xvciUzRCUyNTIzNzU2Nzg0JTI2YXV0b19wbGF5JTNEZmFsc2UlMjZoaWRlX3JlbGF0ZWQlM0RmYWxzZSUyNnNob3dfY29tbWVudHMlM0R0cnVlJTI2c2hvd191c2VyJTNEdHJ1ZSUyNnNob3dfcmVwb3N0cyUzRGZhbHNlJTI2c2hvd190ZWFzZXIlM0R0cnVlJTIyJTNFJTNDJTJGaWZyYW1lJTNFJTNDZGl2JTIwc3R5bGUlM0QlMjJmb250LXNpemUlM0ElMjAxMHB4JTNCJTIwY29sb3IlM0ElMjAlMjNjY2NjY2MlM0JsaW5lLWJyZWFrJTNBJTIwYW55d2hlcmUlM0J3b3JkLWJyZWFrJTNBJTIwbm9ybWFsJTNCb3ZlcmZsb3clM0ElMjBoaWRkZW4lM0J3aGl0ZS1zcGFjZSUzQSUyMG5vd3JhcCUzQnRleHQtb3ZlcmZsb3clM0ElMjBlbGxpcHNpcyUzQiUyMGZvbnQtZmFtaWx5JTNBJTIwSW50ZXJzdGF0ZSUyQ0x1Y2lkYSUyMEdyYW5kZSUyQ0x1Y2lkYSUyMFNhbnMlMjBVbmljb2RlJTJDTHVjaWRhJTIwU2FucyUyQ0dhcnVkYSUyQ1ZlcmRhbmElMkNUYWhvbWElMkNzYW5zLXNlcmlmJTNCZm9udC13ZWlnaHQlM0ElMjAxMDAlM0IlMjIlM0UlM0NhJTIwaHJlZiUzRCUyMmh0dHBzJTNBJTJGJTJGc291bmRjbG91ZC5jb20lMkZha2FyYWxvdyUyMiUyMHRpdGxlJTNEJTIyQW5kcnplaiUyMEthcmElQzUlODJvdyUyMiUyMHRhcmdldCUzRCUyMl9ibGFuayUyMiUyMHN0eWxlJTNEJTIyY29sb3IlM0ElMjAlMjNjY2NjY2MlM0IlMjB0ZXh0LWRlY29yYXRpb24lM0ElMjBub25lJTNCJTIyJTNFQW5kcnplaiUyMEthcmElQzUlODJvdyUzQyUyRmElM0UlMjAlQzIlQjclMjAlM0NhJTIwaHJlZiUzRCUyMmh0dHBzJTNBJTJGJTJGc291bmRjbG91ZC5jb20lMkZha2FyYWxvdyUyRnZpb2xhLXNvbmF0YS0yMDIxLWFuZHJ6ZWota2FyYWxvdyUyMiUyMHRpdGxlJTNEJTIyU29uYXRhJTIwZm9yJTIwdmlvbGElMjBhbmQlMjBwaWFubyUyMCUyODIwMjElMjklMjAlRTIlODAlOTMlMjBBbmRyemVqJTIwS2FyYSVDNSU4Mm93JTIyJTIwdGFyZ2V0JTNEJTIyX2JsYW5rJTIyJTIwc3R5bGUlM0QlMjJjb2xvciUzQSUyMCUyM2NjY2NjYyUzQiUyMHRleHQtZGVjb3JhdGlvbiUzQSUyMG5vbmUlM0IlMjIlM0VTb25hdGElMjBmb3IlMjB2aW9sYSUyMGFuZCUyMHBpYW5vJTIwJTI4MjAyMSUyOSUyMCVFMiU4MCU5MyUyMEFuZHJ6ZWolMjBLYXJhJUM1JTgyb3clM0MlMkZhJTNFJTNDJTJGZGl2JTNF[\/vc_raw_html][\/vc_column][\/vc_row][vc_row css=&#8221;.vc_custom_1677590057063{padding-right: 5% !important;padding-left: 5% !important;background-image: url(http:\/\/sweet3.home.pl\/autoinstalator\/nowa\/wp-content\/uploads\/2023\/02\/nagranie-9-scaled.jpg?id=457) !important;background-position: center !important;background-repeat: no-repeat !important;background-size: cover !important;}&#8221;][vc_column][vc_gallery type=&#8221;image_grid&#8221; images=&#8221;456,457,458,459,460,461,462,463,472,430,431&#8243; img_size=&#8221;medium&#8221; onclick=&#8221;img_link_large&#8221;][vc_column_text]<\/p>\n<h6 style=\"text-align: right;\">fot. Magda Pawluczuk (Festiwal Trzy-Czte-Ry \/ Polskie Radio) \/\u00a0fot. Maria Skarbek-Kie\u0142\u0142czewska (b&amp;w photos)<\/h6>\n<p>[\/vc_column_text][\/vc_column][\/vc_row][vc_row][vc_column][vc_video link=&#8221;https:\/\/youtu.be\/h5ZEdK3O-qs?si=tIk6A79gGFvEAj4O&#8221; el_width=&#8221;80&#8243; align=&#8221;center&#8221;][\/vc_column][\/vc_row]<\/p>\n","protected":false},"excerpt":{"rendered":"<p>[vc_row css=&#8221;.vc_custom_1677147095922{background-image: url(http:\/\/sweet3.home.pl\/autoinstalator\/nowa\/wp-content\/uploads\/2023\/02\/Agnieszka-i-Andrzej08_small.jpg?id=428) !important;background-position: center !important;background-repeat: no-repeat !important;background-size: cover !important;}&#8221;][vc_column][vc_empty_space height=&#8221;232px&#8221;][vc_custom_heading text=&#8221;Agnieszka Pod\u0142ucka \/ Andrzej Kara\u0142ow&#8221; font_container=&#8221;tag:h2|font_size:55|text_align:center&#8221; google_fonts=&#8221;font_family:Montserrat%3Aregular%2C700|font_style:400%20regular%3A400%3Anormal&#8221;][vc_empty_space height=&#8221;232px&#8221;][vc_column_text] fot. Zuza G\u0105siorowska \/ Kuba Zawadzki [\/vc_column_text][\/vc_column][\/vc_row][vc_row][vc_column][vc_row_inner css=&#8221;.vc_custom_1763852464910{padding-right: 5% !important;padding-left: 5% !important;}&#8221;][vc_column_inner width=&#8221;1\/4&#8243;][vc_single_image image=&#8221;1559&#8243; img_size=&#8221;full&#8221;][\/vc_column_inner][vc_column_inner width=&#8221;3\/4&#8243;][vc_column_text] The album features three sonatas for viola and piano by Andrzej Czajkowski, Pawe\u0142 Szyma\u0144ski, and Andrzej Kara\u0142ow. They were recorded &hellip; <\/p>\n<p class=\"link-more\"><a href=\"https:\/\/andrzejkaralow.pl\/index.php\/agnieszka-podlucka-andrzej-karalow\/\" class=\"more-link\">Read more<span class=\"screen-reader-text\"> &#8220;Agnieszka Pod\u0142ucka \/ Andrzej Kara\u0142ow&#8221;<\/span><\/a><\/p>\n","protected":false},"author":1,"featured_media":0,"parent":0,"menu_order":0,"comment_status":"closed","ping_status":"closed","template":"page-templates\/full-width-transparent.php","meta":{"footnotes":""},"class_list":["post-447","page","type-page","status-publish","hentry"],"_links":{"self":[{"href":"https:\/\/andrzejkaralow.pl\/index.php\/wp-json\/wp\/v2\/pages\/447","targetHints":{"allow":["GET"]}}],"collection":[{"href":"https:\/\/andrzejkaralow.pl\/index.php\/wp-json\/wp\/v2\/pages"}],"about":[{"href":"https:\/\/andrzejkaralow.pl\/index.php\/wp-json\/wp\/v2\/types\/page"}],"author":[{"embeddable":true,"href":"https:\/\/andrzejkaralow.pl\/index.php\/wp-json\/wp\/v2\/users\/1"}],"replies":[{"embeddable":true,"href":"https:\/\/andrzejkaralow.pl\/index.php\/wp-json\/wp\/v2\/comments?post=447"}],"version-history":[{"count":32,"href":"https:\/\/andrzejkaralow.pl\/index.php\/wp-json\/wp\/v2\/pages\/447\/revisions"}],"predecessor-version":[{"id":1729,"href":"https:\/\/andrzejkaralow.pl\/index.php\/wp-json\/wp\/v2\/pages\/447\/revisions\/1729"}],"wp:attachment":[{"href":"https:\/\/andrzejkaralow.pl\/index.php\/wp-json\/wp\/v2\/media?parent=447"}],"curies":[{"name":"wp","href":"https:\/\/api.w.org\/{rel}","templated":true}]}}