{"id":346,"date":"2023-02-22T19:24:52","date_gmt":"2023-02-22T18:24:52","guid":{"rendered":"http:\/\/sweet3.home.pl\/autoinstalator\/nowa\/?page_id=346"},"modified":"2023-07-31T22:03:15","modified_gmt":"2023-07-31T20:03:15","slug":"concerts","status":"publish","type":"page","link":"https:\/\/andrzejkaralow.pl\/index.php\/concerts\/","title":{"rendered":"Concerts"},"content":{"rendered":"<p>[vc_row css=&#8221;.vc_custom_1677585981424{padding-right: 15% !important;padding-left: 15% !important;}&#8221;][vc_column][vc_column_text]<div class=\"mec-wrap mec-skin-list-container  mec-dark-mode\" id=\"mec_skin_347\">\r\n\r\n    \r\n            <div class=\"mec-skin-list-events-container\" id=\"mec_skin_events_347\">\r\n        <div class=\"mec-wrap colorskin-custom\">\r\n\t<div class=\"mec-event-list-minimal\">\r\n\t\t\r\n                        <div class=\"mec-month-divider\" data-toggle-divider=\"mec-toggle-202605-347\"><h5 style=\"display: inline;\">May 2026<\/h5><i class=\"mec-sl-arrow-down\"><\/i><\/div>\r\n            \r\n                        <article class=\"mec-event-article  mec-clear  mec-divider-toggle mec-toggle-202605-347\" itemscope>\r\n                                                        <div class=\"col-md-9 col-sm-9\">\r\n                                                <div class=\"mec-event-date mec-bg-color\">\r\n                            <span>16<\/span>\r\n                            May                        <\/div>\r\n                        \r\n                                                <h4 class=\"mec-event-title\"><a class=\"mec-color-hover\" data-event-id=\"1613\" href=\"https:\/\/andrzejkaralow.pl\/index.php\/events\/performance-of-shipyard-chant-for-bass-clarinet-and-fixed-electronics-by-julian-paprocki-at-musica-polonica-nova\/?occurrence=2026-05-16\" target=\"_self\" rel=\"noopener\">Performance of Shipyard Chant for bass clarinet and fixed electronics by Julian Paprocki at Musica Polonica Nova<\/a><\/h4>\r\n                        <div class=\"mec-event-detail\">\r\n                            <span class=\"mec-day-wrapper\">Saturday<\/span><span class=\"mec-comma-wrapper\">,<\/span> <span class=\"mec-event-loc-place\">NFM \/ foyer<\/span>                        <\/div>\r\n                                                                                                                                            <\/div>\r\n                    <div class=\"col-md-3 col-sm-3 btn-wrapper\"><a class=\"mec-detail-button\" data-event-id=\"1613\" href=\"https:\/\/andrzejkaralow.pl\/index.php\/events\/performance-of-shipyard-chant-for-bass-clarinet-and-fixed-electronics-by-julian-paprocki-at-musica-polonica-nova\/?occurrence=2026-05-16\" target=\"_self\" rel=\"noopener\">EVENT DETAIL<\/a><\/div>\r\n                            <\/article>\r\n            \t\t\r\n            \r\n                        <article class=\"mec-event-article  mec-clear  mec-divider-toggle mec-toggle-202605-347\" itemscope>\r\n                                                        <div class=\"col-md-9 col-sm-9\">\r\n                                                <div class=\"mec-event-date mec-bg-color\">\r\n                            <span>17<\/span>\r\n                            May                        <\/div>\r\n                        \r\n                                                <h4 class=\"mec-event-title\"><a class=\"mec-color-hover\" data-event-id=\"1608\" href=\"https:\/\/andrzejkaralow.pl\/index.php\/events\/premiere-performance-of-4-songs-to-words-by-peter-gizzi-by-aleksander-rewinski-multimedialna-majowka\/?occurrence=2026-05-17\" target=\"_self\" rel=\"noopener\">premiere performance of &#8220;4 Songs to words by Peter Gizzi&#8221; by Aleksander Rewi\u0144ski || Multimedialna Maj\u00f3wka<\/a><\/h4>\r\n                        <div class=\"mec-event-detail\">\r\n                            <span class=\"mec-day-wrapper\">Sunday<\/span><span class=\"mec-comma-wrapper\">,<\/span> <span class=\"mec-event-loc-place\">Fryderyk Chopin University of Music<\/span>                        <\/div>\r\n                                                                                                                                            <\/div>\r\n                    <div class=\"col-md-3 col-sm-3 btn-wrapper\"><a class=\"mec-detail-button\" data-event-id=\"1608\" href=\"https:\/\/andrzejkaralow.pl\/index.php\/events\/premiere-performance-of-4-songs-to-words-by-peter-gizzi-by-aleksander-rewinski-multimedialna-majowka\/?occurrence=2026-05-17\" target=\"_self\" rel=\"noopener\">EVENT DETAIL<\/a><\/div>\r\n                            <\/article>\r\n            \t\t\r\n            \r\n                        <article class=\"mec-event-article  mec-clear  mec-divider-toggle mec-toggle-202605-347\" itemscope>\r\n                                                        <div class=\"col-md-9 col-sm-9\">\r\n                                                <div class=\"mec-event-date mec-bg-color\">\r\n                            <span>22<\/span>\r\n                            May                        <\/div>\r\n                        \r\n                                                <h4 class=\"mec-event-title\"><a class=\"mec-color-hover\" data-event-id=\"1612\" href=\"https:\/\/andrzejkaralow.pl\/index.php\/events\/performance-of-sun-chants-by-julian-paprocki-and-mateusz-stankiewicz-at-40-warszawskie-spotkania-muzyczne\/?occurrence=2026-05-22\" target=\"_self\" rel=\"noopener\">Performance of Sun Chants by Julian Paprocki and Mateusz Stankiewicz at 40. Warszawskie Spotkania Muzyczne<\/a><\/h4>\r\n                        <div class=\"mec-event-detail\">\r\n                            <span class=\"mec-day-wrapper\">Friday<\/span><span class=\"mec-comma-wrapper\">,<\/span> <span class=\"mec-event-loc-place\">Prom Kultury Saska K\u0119pa<\/span>                        <\/div>\r\n                                                                                                                                            <\/div>\r\n                    <div class=\"col-md-3 col-sm-3 btn-wrapper\"><a class=\"mec-detail-button\" data-event-id=\"1612\" href=\"https:\/\/andrzejkaralow.pl\/index.php\/events\/performance-of-sun-chants-by-julian-paprocki-and-mateusz-stankiewicz-at-40-warszawskie-spotkania-muzyczne\/?occurrence=2026-05-22\" target=\"_self\" rel=\"noopener\">EVENT DETAIL<\/a><\/div>\r\n                            <\/article>\r\n            \t\t\r\n            \r\n                        <article class=\"mec-event-article  mec-clear  mec-divider-toggle mec-toggle-202605-347\" itemscope>\r\n                                                        <div class=\"col-md-9 col-sm-9\">\r\n                                                <div class=\"mec-event-date mec-bg-color\">\r\n                            <span>25<\/span>\r\n                            May                        <\/div>\r\n                        \r\n                                                <h4 class=\"mec-event-title\"><a class=\"mec-color-hover\" data-event-id=\"1626\" href=\"https:\/\/andrzejkaralow.pl\/index.php\/events\/solo-and-duo-recital-interview-akademia-muzyczna-w-katowicach\/?occurrence=2026-05-25\" target=\"_self\" rel=\"noopener\">Monographic recital (solo \/ duos) + interview at Akademia Muzyczna w Katowicach<\/a><\/h4>\r\n                        <div class=\"mec-event-detail\">\r\n                            <span class=\"mec-day-wrapper\">Monday<\/span><span class=\"mec-comma-wrapper\">,<\/span> <span class=\"mec-event-loc-place\">Akademia Muzyczna im. Karola Szymanowskiego<\/span>                        <\/div>\r\n                                                                                                                                            <\/div>\r\n                    <div class=\"col-md-3 col-sm-3 btn-wrapper\"><a class=\"mec-detail-button\" data-event-id=\"1626\" href=\"https:\/\/andrzejkaralow.pl\/index.php\/events\/solo-and-duo-recital-interview-akademia-muzyczna-w-katowicach\/?occurrence=2026-05-25\" target=\"_self\" rel=\"noopener\">EVENT DETAIL<\/a><\/div>\r\n                            <\/article>\r\n            \t\t\r\n            \r\n                        <article class=\"mec-event-article  mec-clear  mec-divider-toggle mec-toggle-202605-347\" itemscope>\r\n                                                        <div class=\"col-md-9 col-sm-9\">\r\n                                                <div class=\"mec-event-date mec-bg-color\">\r\n                            <span>29<\/span>\r\n                            May                        <\/div>\r\n                        \r\n                                                <h4 class=\"mec-event-title\"><a class=\"mec-color-hover\" data-event-id=\"1604\" href=\"https:\/\/andrzejkaralow.pl\/index.php\/events\/sea-reflects-silence-solo-project-at-futurofonie-festival\/?occurrence=2026-05-29\" target=\"_self\" rel=\"noopener\">sea reflects silence \u2013 solo project at Futurofonie Festival<\/a><\/h4>\r\n                        <div class=\"mec-event-detail\">\r\n                            <span class=\"mec-day-wrapper\">Friday<\/span><span class=\"mec-comma-wrapper\">,<\/span> <span class=\"mec-event-loc-place\">Opera Ba\u0142tycka<\/span>                        <\/div>\r\n                                                                                                                                            <\/div>\r\n                    <div class=\"col-md-3 col-sm-3 btn-wrapper\"><a class=\"mec-detail-button\" data-event-id=\"1604\" href=\"https:\/\/andrzejkaralow.pl\/index.php\/events\/sea-reflects-silence-solo-project-at-futurofonie-festival\/?occurrence=2026-05-29\" target=\"_self\" rel=\"noopener\">EVENT DETAIL<\/a><\/div>\r\n                            <\/article>\r\n            \t\t\r\n            \r\n                        <article class=\"mec-event-article  mec-clear  mec-divider-toggle mec-toggle-202605-347\" itemscope>\r\n                                                        <div class=\"col-md-9 col-sm-9\">\r\n                                                <div class=\"mec-event-date mec-bg-color\">\r\n                            <span>31<\/span>\r\n                            May                        <\/div>\r\n                        \r\n                                                <h4 class=\"mec-event-title\"><a class=\"mec-color-hover\" data-event-id=\"1623\" href=\"https:\/\/andrzejkaralow.pl\/index.php\/events\/for-morton-feldman-performance-of-triadic-memories\/?occurrence=2026-05-31\" target=\"_self\" rel=\"noopener\">FOR MORTON FELDMAN \/\/ PERFORMANCE OF TRIADIC MEMORIES<\/a><\/h4>\r\n                        <div class=\"mec-event-detail\">\r\n                            <span class=\"mec-day-wrapper\">Sunday<\/span><span class=\"mec-comma-wrapper\">,<\/span> <span class=\"mec-event-loc-place\">Muszla Koncertowa w Ogrodzie Saskim<\/span>                        <\/div>\r\n                                                                                                                                            <\/div>\r\n                    <div class=\"col-md-3 col-sm-3 btn-wrapper\"><a class=\"mec-detail-button\" data-event-id=\"1623\" href=\"https:\/\/andrzejkaralow.pl\/index.php\/events\/for-morton-feldman-performance-of-triadic-memories\/?occurrence=2026-05-31\" target=\"_self\" rel=\"noopener\">EVENT DETAIL<\/a><\/div>\r\n                            <\/article>\r\n            \t\t\r\n                        <div class=\"mec-month-divider\" data-toggle-divider=\"mec-toggle-202606-347\"><h5 style=\"display: inline;\">June 2026<\/h5><i class=\"mec-sl-arrow-down\"><\/i><\/div>\r\n            \r\n                        <article class=\"mec-event-article  mec-clear  mec-divider-toggle mec-toggle-202606-347\" itemscope>\r\n                                                        <div class=\"col-md-9 col-sm-9\">\r\n                                                <div class=\"mec-event-date mec-bg-color\">\r\n                            <span>13<\/span>\r\n                            Jun                        <\/div>\r\n                        \r\n                                                <h4 class=\"mec-event-title\"><a class=\"mec-color-hover\" data-event-id=\"1609\" href=\"https:\/\/andrzejkaralow.pl\/index.php\/events\/morton-feldman-triadic-memories-performance-at-hashtag-lab\/?occurrence=2026-06-13\" target=\"_self\" rel=\"noopener\">Butterfly in captivity || performance of Morton Feldman&#8217;s Triadic Memories<\/a><\/h4>\r\n                        <div class=\"mec-event-detail\">\r\n                            <span class=\"mec-day-wrapper\">Saturday<\/span><span class=\"mec-comma-wrapper\">,<\/span> <span class=\"mec-event-loc-place\">Hashtag Lab, Warsaw, Poland<\/span>                        <\/div>\r\n                                                                                                                                            <\/div>\r\n                    <div class=\"col-md-3 col-sm-3 btn-wrapper\"><a class=\"mec-detail-button\" data-event-id=\"1609\" href=\"https:\/\/andrzejkaralow.pl\/index.php\/events\/morton-feldman-triadic-memories-performance-at-hashtag-lab\/?occurrence=2026-06-13\" target=\"_self\" rel=\"noopener\">EVENT DETAIL<\/a><\/div>\r\n                            <\/article>\r\n            \t\t\r\n            \r\n                        <article class=\"mec-event-article  mec-clear  mec-divider-toggle mec-toggle-202606-347\" itemscope>\r\n                                                        <div class=\"col-md-9 col-sm-9\">\r\n                                                <div class=\"mec-event-date mec-bg-color\">\r\n                            <span>24<\/span>\r\n                            Jun                        <\/div>\r\n                        \r\n                                                <h4 class=\"mec-event-title\"><a class=\"mec-color-hover\" data-event-id=\"1615\" href=\"https:\/\/andrzejkaralow.pl\/index.php\/events\/zbigniew-kozera-andrzej-karalow-at-jazzstate\/?occurrence=2026-06-24\" target=\"_self\" rel=\"noopener\">Zbigniew Kozera \/ Andrzej Kara\u0142ow at JazzState<\/a><\/h4>\r\n                        <div class=\"mec-event-detail\">\r\n                            <span class=\"mec-day-wrapper\">Wednesday<\/span><span class=\"mec-comma-wrapper\">,<\/span> <span class=\"mec-event-loc-place\">Klub SPATiF<\/span>                        <\/div>\r\n                                                                                                                                            <\/div>\r\n                    <div class=\"col-md-3 col-sm-3 btn-wrapper\"><a class=\"mec-detail-button\" data-event-id=\"1615\" href=\"https:\/\/andrzejkaralow.pl\/index.php\/events\/zbigniew-kozera-andrzej-karalow-at-jazzstate\/?occurrence=2026-06-24\" target=\"_self\" rel=\"noopener\">EVENT DETAIL<\/a><\/div>\r\n                            <\/article>\r\n            \t\t\r\n            \r\n                        <article class=\"mec-event-article  mec-clear  mec-divider-toggle mec-toggle-202606-347\" itemscope>\r\n                                                        <div class=\"col-md-9 col-sm-9\">\r\n                                                <div class=\"mec-event-date mec-bg-color\">\r\n                            <span>27<\/span>\r\n                            Jun                        <\/div>\r\n                        \r\n                                                <h4 class=\"mec-event-title\"><a class=\"mec-color-hover\" data-event-id=\"1616\" href=\"https:\/\/andrzejkaralow.pl\/index.php\/events\/zbigniew-kozera-andrzej-karalow-at-improvised-music-series\/?occurrence=2026-06-27\" target=\"_self\" rel=\"noopener\">Zbigniew Kozera \/ Andrzej Kara\u0142ow at Improvised Music Series<\/a><\/h4>\r\n                        <div class=\"mec-event-detail\">\r\n                            <span class=\"mec-day-wrapper\">Saturday<\/span><span class=\"mec-comma-wrapper\">,<\/span> <span class=\"mec-event-loc-place\">Lelewela 4<\/span>                        <\/div>\r\n                                                                                                                                            <\/div>\r\n                    <div class=\"col-md-3 col-sm-3 btn-wrapper\"><a class=\"mec-detail-button\" data-event-id=\"1616\" href=\"https:\/\/andrzejkaralow.pl\/index.php\/events\/zbigniew-kozera-andrzej-karalow-at-improvised-music-series\/?occurrence=2026-06-27\" target=\"_self\" rel=\"noopener\">EVENT DETAIL<\/a><\/div>\r\n                            <\/article>\r\n            \t\t\r\n                        <div class=\"mec-month-divider\" data-toggle-divider=\"mec-toggle-202607-347\"><h5 style=\"display: inline;\">July 2026<\/h5><i class=\"mec-sl-arrow-down\"><\/i><\/div>\r\n            \r\n                        <article class=\"mec-event-article  mec-clear  mec-divider-toggle mec-toggle-202607-347\" itemscope>\r\n                                                        <div class=\"col-md-9 col-sm-9\">\r\n                                                <div class=\"mec-event-date mec-bg-color\">\r\n                            <span>25<\/span>\r\n                            Jul                        <\/div>\r\n                        \r\n                                                <h4 class=\"mec-event-title\"><a class=\"mec-color-hover\" data-event-id=\"1632\" href=\"https:\/\/andrzejkaralow.pl\/index.php\/events\/morton-feldman-triadic-memories-at-sluchanie-receptywne\/?occurrence=2026-07-25\" target=\"_self\" rel=\"noopener\">Morton Feldman &#8220;Triadic Memories&#8221; at S\u0142uchanie Receptywne<\/a><\/h4>\r\n                        <div class=\"mec-event-detail\">\r\n                            <span class=\"mec-day-wrapper\">Saturday<\/span><span class=\"mec-comma-wrapper\">,<\/span> <span class=\"mec-event-loc-place\">Rybak\u00f3w 4<\/span>                        <\/div>\r\n                                                                                                                                            <\/div>\r\n                    <div class=\"col-md-3 col-sm-3 btn-wrapper\"><a class=\"mec-detail-button\" data-event-id=\"1632\" href=\"https:\/\/andrzejkaralow.pl\/index.php\/events\/morton-feldman-triadic-memories-at-sluchanie-receptywne\/?occurrence=2026-07-25\" target=\"_self\" rel=\"noopener\">EVENT DETAIL<\/a><\/div>\r\n                            <\/article>\r\n            \t\t\r\n                        <div class=\"mec-month-divider\" data-toggle-divider=\"mec-toggle-202608-347\"><h5 style=\"display: inline;\">August 2026<\/h5><i class=\"mec-sl-arrow-down\"><\/i><\/div>\r\n            \r\n                        <article class=\"mec-event-article  mec-clear  mec-divider-toggle mec-toggle-202608-347\" itemscope>\r\n                                                        <div class=\"col-md-9 col-sm-9\">\r\n                                                <div class=\"mec-event-date mec-bg-color\">\r\n                            <span>08<\/span>\r\n                            Aug                        <\/div>\r\n                        \r\n                                                <h4 class=\"mec-event-title\"><a class=\"mec-color-hover\" data-event-id=\"1631\" href=\"https:\/\/andrzejkaralow.pl\/index.php\/events\/morton-feldman-triadic-memories-in-mafra-portugal\/?occurrence=2026-08-08\" target=\"_self\" rel=\"noopener\">Morton Feldman &#8220;Triadic Memories&#8221; in Mafra, Portugal<\/a><\/h4>\r\n                        <div class=\"mec-event-detail\">\r\n                            <span class=\"mec-day-wrapper\">Saturday<\/span><span class=\"mec-comma-wrapper\">,<\/span> <span class=\"mec-event-loc-place\">Museu Nacional da Musica<\/span>                        <\/div>\r\n                                                                                                                                            <\/div>\r\n                    <div class=\"col-md-3 col-sm-3 btn-wrapper\"><a class=\"mec-detail-button\" data-event-id=\"1631\" href=\"https:\/\/andrzejkaralow.pl\/index.php\/events\/morton-feldman-triadic-memories-in-mafra-portugal\/?occurrence=2026-08-08\" target=\"_self\" rel=\"noopener\">EVENT DETAIL<\/a><\/div>\r\n                            <\/article>\r\n            \t\t\r\n            \r\n                        <article class=\"mec-event-article  mec-clear  mec-divider-toggle mec-toggle-202608-347\" itemscope>\r\n                                                        <div class=\"col-md-9 col-sm-9\">\r\n                                                <div class=\"mec-event-date mec-bg-color\">\r\n                            <span>22<\/span>\r\n                            Aug                        <\/div>\r\n                        \r\n                                                <h4 class=\"mec-event-title\"><a class=\"mec-color-hover\" data-event-id=\"1633\" href=\"https:\/\/andrzejkaralow.pl\/index.php\/events\/premiere-of-dream-and-beyond-malgorzata-wasiucionek-potera-andrzej-karalow-plays-hosokawa-takemitsu-saariaho-tuur-sciarrino-rautavaara-karalow\/?occurrence=2026-08-22\" target=\"_self\" rel=\"noopener\">premiere of a new album: &#8220;Dream and Beyond&#8221; (Fundacja Ensemblage \/ DUX) \u2013 Ma\u0142gorzata Wasiucionek Potera \/ Andrzej Kara\u0142ow plays Hosokawa, Takemitsu, Saariaho, T\u00fc\u00fcr, Sciarrino, Rautavaara, Kara\u0142ow<\/a><\/h4>\r\n                        <div class=\"mec-event-detail\">\r\n                            <span class=\"mec-day-wrapper\">Saturday<\/span>                        <\/div>\r\n                                                                                                                                            <\/div>\r\n                    <div class=\"col-md-3 col-sm-3 btn-wrapper\"><a class=\"mec-detail-button\" data-event-id=\"1633\" href=\"https:\/\/andrzejkaralow.pl\/index.php\/events\/premiere-of-dream-and-beyond-malgorzata-wasiucionek-potera-andrzej-karalow-plays-hosokawa-takemitsu-saariaho-tuur-sciarrino-rautavaara-karalow\/?occurrence=2026-08-22\" target=\"_self\" rel=\"noopener\">EVENT DETAIL<\/a><\/div>\r\n                            <\/article>\r\n            \t\t\t<\/div>\r\n<\/div>\r\n\r\n    <\/div>\r\n    <div class=\"mec-skin-list-no-events-container mec-util-hidden\" id=\"mec_skin_no_events_347\">\r\n        No event found!    <\/div>\r\n    \r\n    <div class=\"mec-load-more-wrap\">\r\n                <div tabindex=\"0\" onkeydown=\"if(event.keyCode===13){jQuery(this).trigger('click');}\" class=\"mec-load-more-button mec-util-hidden\">Load More<\/div>\r\n            <\/div>\r\n<\/div>\r\n[\/vc_column_text][\/vc_column][\/vc_row][vc_row][vc_column][vc_separator][vc_custom_heading text=&#8221;Past events&#8221; font_container=&#8221;tag:h3|font_size:55|text_align:center&#8221; google_fonts=&#8221;font_family:Montserrat%3Aregular%2C700|font_style:400%20regular%3A400%3Anormal&#8221;][\/vc_column][\/vc_row][vc_row css=&#8221;.vc_custom_1677585981424{padding-right: 15% !important;padding-left: 15% !important;}&#8221;][vc_column][vc_column_text]<div class=\"mec-wrap mec-skin-list-container  mec-dark-mode\" id=\"mec_skin_1285\">\r\n\r\n    \r\n            <div class=\"mec-skin-list-events-container\" id=\"mec_skin_events_1285\">\r\n        <div class=\"mec-wrap colorskin-custom\">\r\n\t<div class=\"mec-event-list-minimal\">\r\n\t\t\r\n                        <div class=\"mec-month-divider\" data-toggle-divider=\"mec-toggle-202604-1285\"><h5 style=\"display: inline;\">April 2026<\/h5><i class=\"mec-sl-arrow-down\"><\/i><\/div>\r\n            \r\n                        <article class=\"mec-past-event mec-event-article  mec-clear  mec-divider-toggle mec-toggle-202604-1285\" itemscope>\r\n                                                        <div class=\"col-md-9 col-sm-9\">\r\n                                                <div class=\"mec-event-date mec-bg-color\">\r\n                            <span>19<\/span>\r\n                            Apr                        <\/div>\r\n                        \r\n                                                <h4 class=\"mec-event-title\"><a class=\"mec-color-hover\" data-event-id=\"1625\" href=\"https:\/\/andrzejkaralow.pl\/index.php\/events\/burkhard-stangl-andrzej-karalow\/?occurrence=2026-04-19\" target=\"_self\" rel=\"noopener\">Burkhard Stangl \/ Andrzej Kara\u0142ow \u2013 drifting textures<\/a><\/h4>\r\n                        <div class=\"mec-event-detail\">\r\n                            <span class=\"mec-day-wrapper\">Sunday<\/span><span class=\"mec-comma-wrapper\">,<\/span> <span class=\"mec-event-loc-place\">W\u0142adys\u0142aw Szpilman Studio of the Polish Radio<\/span>                        <\/div>\r\n                                                                                                                                            <\/div>\r\n                    <div class=\"col-md-3 col-sm-3 btn-wrapper\"><a class=\"mec-detail-button\" data-event-id=\"1625\" href=\"https:\/\/andrzejkaralow.pl\/index.php\/events\/burkhard-stangl-andrzej-karalow\/?occurrence=2026-04-19\" target=\"_self\" rel=\"noopener\">EVENT DETAIL<\/a><\/div>\r\n                            <\/article>\r\n            \t\t\r\n            \r\n                        <article class=\"mec-past-event mec-event-article  mec-clear  mec-divider-toggle mec-toggle-202604-1285\" itemscope>\r\n                                                        <div class=\"col-md-9 col-sm-9\">\r\n                                                <div class=\"mec-event-date mec-bg-color\">\r\n                            <span>18<\/span>\r\n                            Apr                        <\/div>\r\n                        \r\n                                                <h4 class=\"mec-event-title\"><a class=\"mec-color-hover\" data-event-id=\"1629\" href=\"https:\/\/andrzejkaralow.pl\/index.php\/events\/burkhard-stangl-andrzej-karalow-549\/?occurrence=2026-04-18\" target=\"_self\" rel=\"noopener\">Burkhard Stangl \/ Andrzej Kara\u0142ow \u2013 recording session<\/a><\/h4>\r\n                        <div class=\"mec-event-detail\">\r\n                            <span class=\"mec-day-wrapper\">Saturday<\/span>                        <\/div>\r\n                                                                                                                                            <\/div>\r\n                    <div class=\"col-md-3 col-sm-3 btn-wrapper\"><a class=\"mec-detail-button\" data-event-id=\"1629\" href=\"https:\/\/andrzejkaralow.pl\/index.php\/events\/burkhard-stangl-andrzej-karalow-549\/?occurrence=2026-04-18\" target=\"_self\" rel=\"noopener\">EVENT DETAIL<\/a><\/div>\r\n                            <\/article>\r\n            \t\t\r\n                        <div class=\"mec-month-divider\" data-toggle-divider=\"mec-toggle-202603-1285\"><h5 style=\"display: inline;\">March 2026<\/h5><i class=\"mec-sl-arrow-down\"><\/i><\/div>\r\n            \r\n                        <article class=\"mec-past-event mec-event-article  mec-clear  mec-divider-toggle mec-toggle-202603-1285\" itemscope>\r\n                                                        <div class=\"col-md-9 col-sm-9\">\r\n                                                <div class=\"mec-event-date mec-bg-color\">\r\n                            <span>13<\/span>\r\n                            Mar                        <\/div>\r\n                        \r\n                                                <h4 class=\"mec-event-title\"><a class=\"mec-color-hover\" data-event-id=\"1533\" href=\"https:\/\/andrzejkaralow.pl\/index.php\/events\/dream-beyond-malgorzata-wasiucionek-potera-vn-andrzej-karalow-pf\/?occurrence=2026-03-13\" target=\"_self\" rel=\"noopener\">Dream &#038; Beyond \u2013\u00a0Ma\u0142gorzata Wasiucionek-Potera (vn) \/ Andrzej Kara\u0142ow (pf)<\/a><\/h4>\r\n                        <div class=\"mec-event-detail\">\r\n                            <span class=\"mec-day-wrapper\">Friday<\/span><span class=\"mec-comma-wrapper\">,<\/span> <span class=\"mec-event-loc-place\">Fryderyk Chopin University of Music<\/span>                        <\/div>\r\n                                                                                                                                            <\/div>\r\n                    <div class=\"col-md-3 col-sm-3 btn-wrapper\"><a class=\"mec-detail-button\" data-event-id=\"1533\" href=\"https:\/\/andrzejkaralow.pl\/index.php\/events\/dream-beyond-malgorzata-wasiucionek-potera-vn-andrzej-karalow-pf\/?occurrence=2026-03-13\" target=\"_self\" rel=\"noopener\">EVENT DETAIL<\/a><\/div>\r\n                            <\/article>\r\n            \t\t\r\n            \r\n                        <article class=\"mec-past-event mec-event-article  mec-clear  mec-divider-toggle mec-toggle-202603-1285\" itemscope>\r\n                                                        <div class=\"col-md-9 col-sm-9\">\r\n                                                <div class=\"mec-event-date mec-bg-color\">\r\n                            <span>01<\/span>\r\n                            Mar                        <\/div>\r\n                        \r\n                                                <h4 class=\"mec-event-title\"><a class=\"mec-color-hover\" data-event-id=\"1603\" href=\"https:\/\/andrzejkaralow.pl\/index.php\/events\/trio-recordings-kuba-wojcik-hubert-zemler-andrzej-karaloe\/?occurrence=2026-03-01\" target=\"_self\" rel=\"noopener\">trio recordings || Kuba W\u00f3jcik &#8211; Hubert Zemler &#8211; Andrzej Kara\u0142ow<\/a><\/h4>\r\n                        <div class=\"mec-event-detail\">\r\n                            <span class=\"mec-day-wrapper\">Sunday<\/span><span class=\"mec-comma-wrapper\">,<\/span> <span class=\"mec-event-loc-place\">Polish Radio<\/span>                        <\/div>\r\n                                                                                                                                            <\/div>\r\n                    <div class=\"col-md-3 col-sm-3 btn-wrapper\"><a class=\"mec-detail-button\" data-event-id=\"1603\" href=\"https:\/\/andrzejkaralow.pl\/index.php\/events\/trio-recordings-kuba-wojcik-hubert-zemler-andrzej-karaloe\/?occurrence=2026-03-01\" target=\"_self\" rel=\"noopener\">EVENT DETAIL<\/a><\/div>\r\n                            <\/article>\r\n            \t\t\r\n                        <div class=\"mec-month-divider\" data-toggle-divider=\"mec-toggle-202602-1285\"><h5 style=\"display: inline;\">February 2026<\/h5><i class=\"mec-sl-arrow-down\"><\/i><\/div>\r\n            \r\n                        <article class=\"mec-past-event mec-event-article  mec-clear  mec-divider-toggle mec-toggle-202602-1285\" itemscope>\r\n                                                        <div class=\"col-md-9 col-sm-9\">\r\n                                                <div class=\"mec-event-date mec-bg-color\">\r\n                            <span>19<\/span>\r\n                            Feb                        <\/div>\r\n                        \r\n                                                <h4 class=\"mec-event-title\"><a class=\"mec-color-hover\" data-event-id=\"1593\" href=\"https:\/\/andrzejkaralow.pl\/index.php\/events\/premiere-of-light-and-waves-2025-for-piano-solo-by-andrzej-pikul\/?occurrence=2026-02-19\" target=\"_self\" rel=\"noopener\">Premiere of &#8220;light and waves&#8221; (2025) for piano solo by Andrzej Pikul<\/a><\/h4>\r\n                        <div class=\"mec-event-detail\">\r\n                            <span class=\"mec-day-wrapper\">Thursday<\/span><span class=\"mec-comma-wrapper\">,<\/span> <span class=\"mec-event-loc-place\">Akademia Muzyczna w Krakowie<\/span>                        <\/div>\r\n                                                                                                                                            <\/div>\r\n                    <div class=\"col-md-3 col-sm-3 btn-wrapper\"><a class=\"mec-detail-button\" data-event-id=\"1593\" href=\"https:\/\/andrzejkaralow.pl\/index.php\/events\/premiere-of-light-and-waves-2025-for-piano-solo-by-andrzej-pikul\/?occurrence=2026-02-19\" target=\"_self\" rel=\"noopener\">EVENT DETAIL<\/a><\/div>\r\n                            <\/article>\r\n            \t\t\r\n                        <div class=\"mec-month-divider\" data-toggle-divider=\"mec-toggle-202601-1285\"><h5 style=\"display: inline;\">January 2026<\/h5><i class=\"mec-sl-arrow-down\"><\/i><\/div>\r\n            \r\n                        <article class=\"mec-past-event mec-event-article  mec-clear  mec-divider-toggle mec-toggle-202601-1285\" itemscope>\r\n                                                        <div class=\"col-md-9 col-sm-9\">\r\n                                                <div class=\"mec-event-date mec-bg-color\">\r\n                            <span>26<\/span>\r\n                            Jan                        <\/div>\r\n                        \r\n                                                <h4 class=\"mec-event-title\"><a class=\"mec-color-hover\" data-event-id=\"1597\" href=\"https:\/\/andrzejkaralow.pl\/index.php\/events\/nowa-polska-drugi-program-polskiego-radia-about-my-music-and-album-songlines\/?occurrence=2026-01-26\" target=\"_self\" rel=\"noopener\">NOWA POLSKA || drugi program polskiego radia || about my music and album &#8220;Songlines&#8221;<\/a><\/h4>\r\n                        <div class=\"mec-event-detail\">\r\n                            <span class=\"mec-day-wrapper\">Monday<\/span>                        <\/div>\r\n                                                                                                                                            <\/div>\r\n                    <div class=\"col-md-3 col-sm-3 btn-wrapper\"><a class=\"mec-detail-button\" data-event-id=\"1597\" href=\"https:\/\/andrzejkaralow.pl\/index.php\/events\/nowa-polska-drugi-program-polskiego-radia-about-my-music-and-album-songlines\/?occurrence=2026-01-26\" target=\"_self\" rel=\"noopener\">EVENT DETAIL<\/a><\/div>\r\n                            <\/article>\r\n            \t\t\r\n                        <div class=\"mec-month-divider\" data-toggle-divider=\"mec-toggle-202512-1285\"><h5 style=\"display: inline;\">December 2025<\/h5><i class=\"mec-sl-arrow-down\"><\/i><\/div>\r\n            \r\n                        <article class=\"mec-past-event mec-event-article  mec-clear  mec-divider-toggle mec-toggle-202512-1285\" itemscope>\r\n                                                        <div class=\"col-md-9 col-sm-9\">\r\n                                                <div class=\"mec-event-date mec-bg-color\">\r\n                            <span>12<\/span>\r\n                            Dec                        <\/div>\r\n                        \r\n                                                <h4 class=\"mec-event-title\"><a class=\"mec-color-hover\" data-event-id=\"1590\" href=\"https:\/\/andrzejkaralow.pl\/index.php\/events\/promodern-performs-out-of-the-light-of-the-two-suns-a-phanstasmagorical-city-appears-art-mintaka-festival\/?occurrence=2025-12-12\" target=\"_self\" rel=\"noopener\">proMODERN performs &#8220;out of the light of the two suns a phanstasmagorical city appears&#8221; | ART MINTAKA Festival<\/a><\/h4>\r\n                        <div class=\"mec-event-detail\">\r\n                            <span class=\"mec-day-wrapper\">Friday<\/span><span class=\"mec-comma-wrapper\">,<\/span> <span class=\"mec-event-loc-place\">Muzeum Okr\u0119gowe im. Leona Wycz\u00f3\u0142kowskiego<\/span>                        <\/div>\r\n                                                                                                                                            <\/div>\r\n                    <div class=\"col-md-3 col-sm-3 btn-wrapper\"><a class=\"mec-detail-button\" data-event-id=\"1590\" href=\"https:\/\/andrzejkaralow.pl\/index.php\/events\/promodern-performs-out-of-the-light-of-the-two-suns-a-phanstasmagorical-city-appears-art-mintaka-festival\/?occurrence=2025-12-12\" target=\"_self\" rel=\"noopener\">EVENT DETAIL<\/a><\/div>\r\n                            <\/article>\r\n            \t\t\r\n            \r\n                        <article class=\"mec-past-event mec-event-article  mec-clear  mec-divider-toggle mec-toggle-202512-1285\" itemscope>\r\n                                                        <div class=\"col-md-9 col-sm-9\">\r\n                                                <div class=\"mec-event-date mec-bg-color\">\r\n                            <span>03<\/span>\r\n                            Dec                        <\/div>\r\n                        \r\n                                                <h4 class=\"mec-event-title\"><a class=\"mec-color-hover\" data-event-id=\"1543\" href=\"https:\/\/andrzejkaralow.pl\/index.php\/events\/szabolcs-esztenyi-in-memoriam-hubert-zemler-andrzej-karalow\/?occurrence=2025-12-03\" target=\"_self\" rel=\"noopener\">Szabolcs Eszt\u00e9nyi in memoriam \u2013\u00a0Hubert Zemler \/ Andrzej Kara\u0142ow<\/a><\/h4>\r\n                        <div class=\"mec-event-detail\">\r\n                            <span class=\"mec-day-wrapper\">Wednesday<\/span><span class=\"mec-comma-wrapper\">,<\/span> <span class=\"mec-event-loc-place\">Fryderyk Chopin University of Music<\/span>                        <\/div>\r\n                                                                                                                                            <\/div>\r\n                    <div class=\"col-md-3 col-sm-3 btn-wrapper\"><a class=\"mec-detail-button\" data-event-id=\"1543\" href=\"https:\/\/andrzejkaralow.pl\/index.php\/events\/szabolcs-esztenyi-in-memoriam-hubert-zemler-andrzej-karalow\/?occurrence=2025-12-03\" target=\"_self\" rel=\"noopener\">EVENT DETAIL<\/a><\/div>\r\n                            <\/article>\r\n            \t\t\r\n                        <div class=\"mec-month-divider\" data-toggle-divider=\"mec-toggle-202511-1285\"><h5 style=\"display: inline;\">November 2025<\/h5><i class=\"mec-sl-arrow-down\"><\/i><\/div>\r\n            \r\n                        <article class=\"mec-past-event mec-event-article  mec-clear  mec-divider-toggle mec-toggle-202511-1285\" itemscope>\r\n                                                        <div class=\"col-md-9 col-sm-9\">\r\n                                                <div class=\"mec-event-date mec-bg-color\">\r\n                            <span>28<\/span>\r\n                            Nov                        <\/div>\r\n                        \r\n                                                <h4 class=\"mec-event-title\"><a class=\"mec-color-hover\" data-event-id=\"1539\" href=\"https:\/\/andrzejkaralow.pl\/index.php\/events\/new-monographic-album-release-nov-2026\/?occurrence=2025-11-28\" target=\"_self\" rel=\"noopener\">SONGLINES \u2013 New Monographic Album Release \u2013 NOV 2025<\/a><\/h4>\r\n                        <div class=\"mec-event-detail\">\r\n                            <span class=\"mec-day-wrapper\">Friday<\/span>                        <\/div>\r\n                                                                                                                                            <\/div>\r\n                    <div class=\"col-md-3 col-sm-3 btn-wrapper\"><a class=\"mec-detail-button\" data-event-id=\"1539\" href=\"https:\/\/andrzejkaralow.pl\/index.php\/events\/new-monographic-album-release-nov-2026\/?occurrence=2025-11-28\" target=\"_self\" rel=\"noopener\">EVENT DETAIL<\/a><\/div>\r\n                            <\/article>\r\n            \t\t\r\n            \r\n                        <article class=\"mec-past-event mec-event-article  mec-clear  mec-divider-toggle mec-toggle-202511-1285\" itemscope>\r\n                                                        <div class=\"col-md-9 col-sm-9\">\r\n                                                <div class=\"mec-event-date mec-bg-color\">\r\n                            <span>21<\/span>\r\n                            Nov                        <\/div>\r\n                        \r\n                                                <h4 class=\"mec-event-title\"><a class=\"mec-color-hover\" data-event-id=\"1548\" href=\"https:\/\/andrzejkaralow.pl\/index.php\/events\/cascadas-premiere-of-new-album-with-music-for-viola-and-piano-agnieszka-podlucka-andrzej-karalow\/?occurrence=2025-11-21\" target=\"_self\" rel=\"noopener\">CASCADAS \u2013 premiere of new album with music for viola and piano \/\/ Agnieszka Pod\u0142ucka \/ Andrzej Kara\u0142ow<\/a><\/h4>\r\n                        <div class=\"mec-event-detail\">\r\n                            <span class=\"mec-day-wrapper\">Friday<\/span>                        <\/div>\r\n                                                                                                                                            <\/div>\r\n                    <div class=\"col-md-3 col-sm-3 btn-wrapper\"><a class=\"mec-detail-button\" data-event-id=\"1548\" href=\"https:\/\/andrzejkaralow.pl\/index.php\/events\/cascadas-premiere-of-new-album-with-music-for-viola-and-piano-agnieszka-podlucka-andrzej-karalow\/?occurrence=2025-11-21\" target=\"_self\" rel=\"noopener\">EVENT DETAIL<\/a><\/div>\r\n                            <\/article>\r\n            \t\t\r\n            \r\n                        <article class=\"mec-past-event mec-event-article  mec-clear  mec-divider-toggle mec-toggle-202511-1285\" itemscope>\r\n                                                        <div class=\"col-md-9 col-sm-9\">\r\n                                                <div class=\"mec-event-date mec-bg-color\">\r\n                            <span>20<\/span>\r\n                            Nov                        <\/div>\r\n                        \r\n                                                <h4 class=\"mec-event-title\"><a class=\"mec-color-hover\" data-event-id=\"1546\" href=\"https:\/\/andrzejkaralow.pl\/index.php\/events\/19-miedzynarodowe-forum-kompozytorow-presenting-my-music-for-duos\/?occurrence=2025-11-20\" target=\"_self\" rel=\"noopener\">19. Mi\u0119dzynarodowe Forum Kompozytor\u00f3w | presenting my music for duos<\/a><\/h4>\r\n                        <div class=\"mec-event-detail\">\r\n                            <span class=\"mec-day-wrapper\">Thursday<\/span><span class=\"mec-comma-wrapper\">,<\/span> <span class=\"mec-event-loc-place\">Akademia Muzyczna w Poznaniu<\/span>                        <\/div>\r\n                                                                                                                                            <\/div>\r\n                    <div class=\"col-md-3 col-sm-3 btn-wrapper\"><a class=\"mec-detail-button\" data-event-id=\"1546\" href=\"https:\/\/andrzejkaralow.pl\/index.php\/events\/19-miedzynarodowe-forum-kompozytorow-presenting-my-music-for-duos\/?occurrence=2025-11-20\" target=\"_self\" rel=\"noopener\">EVENT DETAIL<\/a><\/div>\r\n                            <\/article>\r\n            \t\t\r\n            \r\n                        <article class=\"mec-past-event mec-event-article  mec-clear  mec-divider-toggle mec-toggle-202511-1285\" itemscope>\r\n                                                        <div class=\"col-md-9 col-sm-9\">\r\n                                                <div class=\"mec-event-date mec-bg-color\">\r\n                            <span>09<\/span>\r\n                            Nov                        <\/div>\r\n                        \r\n                                                <h4 class=\"mec-event-title\"><a class=\"mec-color-hover\" data-event-id=\"1538\" href=\"https:\/\/andrzejkaralow.pl\/index.php\/events\/andrzej-karalow-jerome-noetinger-at-sacrum-profanum\/?occurrence=2025-11-09\" target=\"_self\" rel=\"noopener\">Andrzej Karalow \/ Jerome Noetinger at SACRUM PROFANUM<\/a><\/h4>\r\n                        <div class=\"mec-event-detail\">\r\n                            <span class=\"mec-day-wrapper\">Sunday<\/span><span class=\"mec-comma-wrapper\">,<\/span> <span class=\"mec-event-loc-place\">HEVRE<\/span>                        <\/div>\r\n                                                                                                                                            <\/div>\r\n                    <div class=\"col-md-3 col-sm-3 btn-wrapper\"><a class=\"mec-detail-button\" data-event-id=\"1538\" href=\"https:\/\/andrzejkaralow.pl\/index.php\/events\/andrzej-karalow-jerome-noetinger-at-sacrum-profanum\/?occurrence=2025-11-09\" target=\"_self\" rel=\"noopener\">EVENT DETAIL<\/a><\/div>\r\n                            <\/article>\r\n            \t\t\t<\/div>\r\n<\/div>\r\n\r\n    <\/div>\r\n    <div class=\"mec-skin-list-no-events-container mec-util-hidden\" id=\"mec_skin_no_events_1285\">\r\n        No event found!    <\/div>\r\n    \r\n    <div class=\"mec-load-more-wrap\">\r\n                <div tabindex=\"0\" onkeydown=\"if(event.keyCode===13){jQuery(this).trigger('click');}\" class=\"mec-load-more-button \">Load More<\/div>\r\n            <\/div>\r\n<\/div>\r\n[\/vc_column_text][\/vc_column][\/vc_row][vc_row][vc_column][\/vc_column][\/vc_row]<\/p>\n","protected":false},"excerpt":{"rendered":"<p>[vc_row css=&#8221;.vc_custom_1677585981424{padding-right: 15% !important;padding-left: 15% !important;}&#8221;][vc_column][vc_column_text][\/vc_column_text][\/vc_column][\/vc_row][vc_row][vc_column][vc_separator][vc_custom_heading text=&#8221;Past events&#8221; font_container=&#8221;tag:h3|font_size:55|text_align:center&#8221; google_fonts=&#8221;font_family:Montserrat%3Aregular%2C700|font_style:400%20regular%3A400%3Anormal&#8221;][\/vc_column][\/vc_row][vc_row css=&#8221;.vc_custom_1677585981424{padding-right: 15% !important;padding-left: 15% !important;}&#8221;][vc_column][vc_column_text][\/vc_column_text][\/vc_column][\/vc_row][vc_row][vc_column][\/vc_column][\/vc_row]<\/p>\n","protected":false},"author":1,"featured_media":0,"parent":0,"menu_order":0,"comment_status":"closed","ping_status":"closed","template":"page-templates\/homepage-builder-bb.php","meta":{"footnotes":""},"class_list":["post-346","page","type-page","status-publish","hentry"],"_links":{"self":[{"href":"https:\/\/andrzejkaralow.pl\/index.php\/wp-json\/wp\/v2\/pages\/346","targetHints":{"allow":["GET"]}}],"collection":[{"href":"https:\/\/andrzejkaralow.pl\/index.php\/wp-json\/wp\/v2\/pages"}],"about":[{"href":"https:\/\/andrzejkaralow.pl\/index.php\/wp-json\/wp\/v2\/types\/page"}],"author":[{"embeddable":true,"href":"https:\/\/andrzejkaralow.pl\/index.php\/wp-json\/wp\/v2\/users\/1"}],"replies":[{"embeddable":true,"href":"https:\/\/andrzejkaralow.pl\/index.php\/wp-json\/wp\/v2\/comments?post=346"}],"version-history":[{"count":9,"href":"https:\/\/andrzejkaralow.pl\/index.php\/wp-json\/wp\/v2\/pages\/346\/revisions"}],"predecessor-version":[{"id":1284,"href":"https:\/\/andrzejkaralow.pl\/index.php\/wp-json\/wp\/v2\/pages\/346\/revisions\/1284"}],"wp:attachment":[{"href":"https:\/\/andrzejkaralow.pl\/index.php\/wp-json\/wp\/v2\/media?parent=346"}],"curies":[{"name":"wp","href":"https:\/\/api.w.org\/{rel}","templated":true}]}}